{"id":4324,"date":"2019-09-14T08:51:46","date_gmt":"2019-09-14T06:51:46","guid":{"rendered":"https:\/\/www.vcvl.be\/site\/?page_id=4324"},"modified":"2019-09-17T15:45:16","modified_gmt":"2019-09-17T13:45:16","slug":"chef-de-choeur","status":"publish","type":"page","link":"https:\/\/www.vcvl.be\/site\/presentation\/chef-de-choeur\/","title":{"rendered":"La cheffe de choeur"},"content":{"rendered":"[vc_row][vc_column shift_x=\"0\" shift_y=\"0\" z_index=\"0\" css_animation=\"fade\" ][vc_column_text]Arianne Plangar est chanteuse et pianiste. Dipl\u00f4m\u00e9e de l\u2019Institut Sup\u00e9rieur de Musique et de P\u00e9dagogie (IMEP), elle enseigne la formation musicale depuis plus de vingt ans. Elle est aujourd\u2019hui enseignante \u00e0 l\u2019Henallux, en \u00e9ducation musicale.\r\n\r\nPassionn\u00e9e par le travail vocal, elle fait notamment partie du groupe vocal Kava-Kava, et a cr\u00e9\u00e9, en 2016, la chorale pour enfants Clac\u2019Sons dont elle dirige un des groupes. C'est elle qui a cr\u00e9\u00e9 Voix-Ci Voix-l\u00e0, et qui dirige le choeur depuis le d\u00e9but.\r\n\r\nMais derri\u00e8re ces quelques lignes tr\u00e8s r\u00e9ductrices d'un joli CV, il y a surtout la personne, et la personnalit\u00e9 ! Arianne Plangar est une cheffe de choeur pleine de talents : cr\u00e9ative, elle aime sortir des sentiers battus et explorer des nouveaux r\u00e9pertoires et des mises en sc\u00e8ne diff\u00e9rentes. Dynamique et exigeante, elle fait avancer son choeur avec humour et pr\u00e9cision \u00e0 la fois. Une difficult\u00e9? On y croit, on pers\u00e9v\u00e8re et on fait confiance, car Arianne sait jusqu'o\u00f9 elle peut mener ses choristes. De l'audace, un grain de folie...? Les choristes sont parfois perplexes en chemin, mais toujours terriblement fiers et heureux du r\u00e9sultat ! Si Voix-Ci Voix-L\u00e0 existe et est tel qu'il est, c'est \u00e9videmment \u00e0 sa cheffe qu'il le doit ![\/vc_column_text][\/vc_column][\/vc_row]","protected":false},"excerpt":{"rendered":"<p>[vc_row][vc_column shift_x=\u00a0\u00bb0&Prime; shift_y=\u00a0\u00bb0&Prime; z_index=\u00a0\u00bb0&Prime; css_animation=\u00a0\u00bbfade\u00a0\u00bb ][vc_column_text]Arianne Plangar est chanteuse et pianiste. Dipl\u00f4m\u00e9e de l\u2019Institut Sup\u00e9rieur de Musique et de P\u00e9dagogie (IMEP), elle enseigne la formation musicale depuis plus de vingt ans. Elle est aujourd\u2019hui enseignante \u00e0 l\u2019Henallux, en \u00e9ducation musicale. Passionn\u00e9e par le travail vocal, elle fait notamment partie du groupe vocal Kava-Kava, et a&#8230;<\/p>\n<p><a rel=\"bookmark\" class=\"decibel-button-text wvc-button wvc-button-size-sm\" href=\"https:\/\/www.vcvl.be\/site\/presentation\/chef-de-choeur\/\"><small class=\"wvc-button-background-fill\"><\/small><span>continuer \u00e0 lire<\/span><\/a><\/p>\n","protected":false},"author":3,"featured_media":2389,"parent":3524,"menu_order":0,"comment_status":"closed","ping_status":"closed","template":"","meta":{"footnotes":""},"aioseo_notices":[],"_links":{"self":[{"href":"https:\/\/www.vcvl.be\/site\/wp-json\/wp\/v2\/pages\/4324"}],"collection":[{"href":"https:\/\/www.vcvl.be\/site\/wp-json\/wp\/v2\/pages"}],"about":[{"href":"https:\/\/www.vcvl.be\/site\/wp-json\/wp\/v2\/types\/page"}],"author":[{"embeddable":true,"href":"https:\/\/www.vcvl.be\/site\/wp-json\/wp\/v2\/users\/3"}],"replies":[{"embeddable":true,"href":"https:\/\/www.vcvl.be\/site\/wp-json\/wp\/v2\/comments?post=4324"}],"version-history":[{"count":18,"href":"https:\/\/www.vcvl.be\/site\/wp-json\/wp\/v2\/pages\/4324\/revisions"}],"predecessor-version":[{"id":4375,"href":"https:\/\/www.vcvl.be\/site\/wp-json\/wp\/v2\/pages\/4324\/revisions\/4375"}],"up":[{"embeddable":true,"href":"https:\/\/www.vcvl.be\/site\/wp-json\/wp\/v2\/pages\/3524"}],"wp:featuredmedia":[{"embeddable":true,"href":"https:\/\/www.vcvl.be\/site\/wp-json\/wp\/v2\/media\/2389"}],"wp:attachment":[{"href":"https:\/\/www.vcvl.be\/site\/wp-json\/wp\/v2\/media?parent=4324"}],"curies":[{"name":"wp","href":"https:\/\/api.w.org\/{rel}","templated":true}]}}